{"id":1074,"date":"2020-01-28T07:30:05","date_gmt":"2020-01-28T06:30:05","guid":{"rendered":"https:\/\/acligphoto.fr\/?page_id=1074"},"modified":"2025-11-12T15:23:33","modified_gmt":"2025-11-12T14:23:33","slug":"nos-diaporamas","status":"publish","type":"page","link":"https:\/\/acligphoto.fr\/?page_id=1074","title":{"rendered":"Nos diaporamas"},"content":{"rendered":"\n<p>Des liens pointant sur des diaporamas r\u00e9alis\u00e9s par des membres de l&rsquo;atelier Photo de l&rsquo;ACLIG :<\/p>\n\n\n\n<p><em>Cliquer sur l&rsquo;image (ou sur le sous-titre) pour lancer la vid\u00e9o. Une fois la vid\u00e9o lanc\u00e9e vous pourrez aussi la t\u00e9l\u00e9charger en faisant un clic droit sur la vid\u00e9o elle-m\u00eame. Attention c&rsquo;est du lourd, plus de 100Mo ! <\/em><\/p>\n\n\n<div class=\"wp-block-image\">\n<figure class=\"alignleft size-full\"><a href=\"https:\/\/acligphoto.fr\/wp-content\/uploads\/2025\/11\/Exposition2025.mp4\" target=\"_blank\" rel=\" noreferrer noopener\"><img loading=\"lazy\" decoding=\"async\" width=\"461\" height=\"240\" src=\"https:\/\/acligphoto.fr\/wp-content\/uploads\/2025\/11\/Expo-AcligPhoto2025.jpg\" alt=\"\" class=\"wp-image-16269\" srcset=\"https:\/\/acligphoto.fr\/wp-content\/uploads\/2025\/11\/Expo-AcligPhoto2025.jpg 461w, https:\/\/acligphoto.fr\/wp-content\/uploads\/2025\/11\/Expo-AcligPhoto2025-300x156.jpg 300w\" sizes=\"auto, (max-width: 461px) 100vw, 461px\" \/><\/a><figcaption class=\"wp-element-caption\">Les exposants 2025  sont heureux<\/figcaption><\/figure>\n<\/div>\n\n<div class=\"wp-block-image\">\n<figure class=\"alignright size-full\"><a href=\"https:\/\/acligphoto.fr\/wp-content\/uploads\/2025\/10\/Les-Goldberg-et-la-danse_HD.mp4\" target=\"_blank\" rel=\"noreferrer noopener\"><img loading=\"lazy\" decoding=\"async\" width=\"430\" height=\"240\" src=\"https:\/\/acligphoto.fr\/wp-content\/uploads\/2025\/10\/Les-Goldberg-et-la-danse.jpg\" alt=\"\" class=\"wp-image-15950\" srcset=\"https:\/\/acligphoto.fr\/wp-content\/uploads\/2025\/10\/Les-Goldberg-et-la-danse.jpg 430w, https:\/\/acligphoto.fr\/wp-content\/uploads\/2025\/10\/Les-Goldberg-et-la-danse-300x167.jpg 300w\" sizes=\"auto, (max-width: 430px) 100vw, 430px\" \/><\/a><figcaption class=\"wp-element-caption\"><strong>LES GOLDBERG ET LA DANSE<\/strong> (diaporama par G. de Murcia et G. Biencourt)<\/figcaption><\/figure>\n<\/div>\n\n<div class=\"wp-block-image\">\n<figure class=\"alignleft size-full\"><a href=\"https:\/\/acligphoto.fr\/wp-content\/uploads\/2024\/11\/expo-aclig-2024-final.mp4\" target=\"_blank\" rel=\"noreferrer noopener\"><img loading=\"lazy\" decoding=\"async\" width=\"361\" height=\"240\" src=\"https:\/\/acligphoto.fr\/wp-content\/uploads\/2024\/11\/Diapo-expo.jpg\" alt=\"\" class=\"wp-image-14218\" srcset=\"https:\/\/acligphoto.fr\/wp-content\/uploads\/2024\/11\/Diapo-expo.jpg 361w, https:\/\/acligphoto.fr\/wp-content\/uploads\/2024\/11\/Diapo-expo-300x199.jpg 300w\" sizes=\"auto, (max-width: 361px) 100vw, 361px\" \/><\/a><figcaption class=\"wp-element-caption\">Expo 2024 et classement <\/figcaption><\/figure>\n<\/div>\n\n<div class=\"wp-block-image\">\n<figure class=\"alignright size-full is-resized\"><a href=\"https:\/\/acligphoto.fr\/wp-content\/uploads\/2024\/05\/Kaleidoscope-Transparence_5mn.mp4\" target=\"_blank\" rel=\"noreferrer noopener\"><img loading=\"lazy\" decoding=\"async\" width=\"427\" height=\"240\" src=\"https:\/\/acligphoto.fr\/wp-content\/uploads\/2024\/05\/Kaleidoscope-transparences.jpg\" alt=\"\" class=\"wp-image-13430\" style=\"width:427px;height:auto\" srcset=\"https:\/\/acligphoto.fr\/wp-content\/uploads\/2024\/05\/Kaleidoscope-transparences.jpg 427w, https:\/\/acligphoto.fr\/wp-content\/uploads\/2024\/05\/Kaleidoscope-transparences-300x169.jpg 300w\" sizes=\"auto, (max-width: 427px) 100vw, 427px\" \/><\/a><figcaption class=\"wp-element-caption\"><strong>Transparences<\/strong> par Albert Perrin<\/figcaption><\/figure>\n<\/div>\n\n<div class=\"wp-block-image\">\n<figure class=\"alignleft size-full is-resized\"><a href=\"https:\/\/acligphoto.fr\/wp-content\/uploads\/2024\/05\/Perles-de-pluie_3mn59.mp4\" target=\"_blank\" rel=\"noreferrer noopener\"><img loading=\"lazy\" decoding=\"async\" width=\"427\" height=\"240\" src=\"https:\/\/acligphoto.fr\/wp-content\/uploads\/2024\/05\/Perles-de-pluie.jpg\" alt=\"\" class=\"wp-image-13429\" style=\"width:452px;height:auto\" srcset=\"https:\/\/acligphoto.fr\/wp-content\/uploads\/2024\/05\/Perles-de-pluie.jpg 427w, https:\/\/acligphoto.fr\/wp-content\/uploads\/2024\/05\/Perles-de-pluie-300x169.jpg 300w\" sizes=\"auto, (max-width: 427px) 100vw, 427px\" \/><\/a><figcaption class=\"wp-element-caption\">Diaporama <strong>Perles de pluie <\/strong>par Albert Perrrin<\/figcaption><\/figure>\n<\/div>\n\n<div class=\"wp-block-image\">\n<figure class=\"alignright size-full\"><a href=\"https:\/\/acligphoto.fr\/wp-content\/uploads\/2023\/11\/Entomo-Show-46_5mn03.mp4\" target=\"_blank\" rel=\"noreferrer noopener\"><img loading=\"lazy\" decoding=\"async\" width=\"427\" height=\"240\" src=\"https:\/\/acligphoto.fr\/wp-content\/uploads\/2023\/11\/Capture-decran-du-2023-11-27-14-32-22.jpg\" alt=\"\" class=\"wp-image-11767\" srcset=\"https:\/\/acligphoto.fr\/wp-content\/uploads\/2023\/11\/Capture-decran-du-2023-11-27-14-32-22.jpg 427w, https:\/\/acligphoto.fr\/wp-content\/uploads\/2023\/11\/Capture-decran-du-2023-11-27-14-32-22-300x169.jpg 300w\" sizes=\"auto, (max-width: 427px) 100vw, 427px\" \/><\/a><figcaption class=\"wp-element-caption\"><strong>Entomo-show 46<\/strong> par Albert Perrin<\/figcaption><\/figure>\n<\/div>\n\n<div class=\"wp-block-image\">\n<figure class=\"alignleft size-full\"><a href=\"https:\/\/acligphoto.fr\/wp-content\/uploads\/2023\/11\/Expo-2023-Vote-du-public_5mn43-.mp4\" target=\"_blank\" rel=\"noreferrer noopener\"><img loading=\"lazy\" decoding=\"async\" width=\"304\" height=\"240\" src=\"https:\/\/acligphoto.fr\/wp-content\/uploads\/2023\/11\/Resultatvoteexpo.jpg\" alt=\"\" class=\"wp-image-11659\" srcset=\"https:\/\/acligphoto.fr\/wp-content\/uploads\/2023\/11\/Resultatvoteexpo.jpg 304w, https:\/\/acligphoto.fr\/wp-content\/uploads\/2023\/11\/Resultatvoteexpo-300x237.jpg 300w\" sizes=\"auto, (max-width: 304px) 100vw, 304px\" \/><\/a><figcaption class=\"wp-element-caption\">R\u00e9sultat du vote du public<\/figcaption><\/figure>\n<\/div>\n\n\n<p><\/p>\n\n\n\n<p><\/p>\n\n\n<div class=\"wp-block-image\">\n<figure class=\"alignright size-full\"><a href=\"https:\/\/acligphoto.fr\/wp-content\/uploads\/2023\/10\/Entomo-Show-45_5mn12.mp4\" target=\"_blank\" rel=\"noreferrer noopener\"><img loading=\"lazy\" decoding=\"async\" width=\"427\" height=\"240\" src=\"https:\/\/acligphoto.fr\/wp-content\/uploads\/2023\/10\/entomoshow45.jpg\" alt=\"\" class=\"wp-image-11523\" srcset=\"https:\/\/acligphoto.fr\/wp-content\/uploads\/2023\/10\/entomoshow45.jpg 427w, https:\/\/acligphoto.fr\/wp-content\/uploads\/2023\/10\/entomoshow45-300x169.jpg 300w\" sizes=\"auto, (max-width: 427px) 100vw, 427px\" \/><\/a><figcaption class=\"wp-element-caption\"><strong>Entomoshow n\u00b0 45<\/strong> par Albert PERRIN<\/figcaption><\/figure>\n<\/div>\n\n<div class=\"wp-block-image\">\n<figure class=\"alignleft size-full\"><a href=\"https:\/\/acligphoto.fr\/wp-content\/uploads\/2023\/10\/Costa-Rica-pour-Francois.mp4\" target=\"_blank\" rel=\"noreferrer noopener\"><img loading=\"lazy\" decoding=\"async\" width=\"362\" height=\"240\" src=\"https:\/\/acligphoto.fr\/wp-content\/uploads\/2023\/10\/Costarica-Daniel-Braun.jpg\" alt=\"\" class=\"wp-image-11324\" srcset=\"https:\/\/acligphoto.fr\/wp-content\/uploads\/2023\/10\/Costarica-Daniel-Braun.jpg 362w, https:\/\/acligphoto.fr\/wp-content\/uploads\/2023\/10\/Costarica-Daniel-Braun-300x199.jpg 300w\" sizes=\"auto, (max-width: 362px) 100vw, 362px\" \/><\/a><figcaption class=\"wp-element-caption\"><a href=\"https:\/\/acligphoto.fr\/wp-content\/uploads\/2023\/10\/Costa-Rica-pour-Francois.mp4\" target=\"_blank\" rel=\"noreferrer noopener\">Le Costarica par Daniel Braun<\/a><\/figcaption><\/figure>\n<\/div>\n\n<div class=\"wp-block-image\">\n<figure class=\"alignright size-full\"><a href=\"https:\/\/acligphoto.fr\/wp-content\/uploads\/2023\/10\/Presentation-ACLIG.mp4\" target=\"_blank\" rel=\"noreferrer noopener\"><img loading=\"lazy\" decoding=\"async\" width=\"426\" height=\"240\" src=\"https:\/\/acligphoto.fr\/wp-content\/uploads\/2023\/10\/Presentation-Isabelle-Zjpg.jpg\" alt=\"\" class=\"wp-image-11272\" srcset=\"https:\/\/acligphoto.fr\/wp-content\/uploads\/2023\/10\/Presentation-Isabelle-Zjpg.jpg 426w, https:\/\/acligphoto.fr\/wp-content\/uploads\/2023\/10\/Presentation-Isabelle-Zjpg-300x169.jpg 300w\" sizes=\"auto, (max-width: 426px) 100vw, 426px\" \/><\/a><\/figure>\n<\/div>\n\n<div class=\"wp-block-image\">\n<figure class=\"alignleft size-full\"><a href=\"https:\/\/acligphoto.fr\/wp-content\/uploads\/2023\/03\/La-montagne-6mn20.mp4\" target=\"_blank\" rel=\"noreferrer noopener\"><img loading=\"lazy\" decoding=\"async\" width=\"378\" height=\"240\" src=\"https:\/\/acligphoto.fr\/wp-content\/uploads\/2023\/03\/Alpes-di-Siusi.jpg\" alt=\"\" class=\"wp-image-9869\" srcset=\"https:\/\/acligphoto.fr\/wp-content\/uploads\/2023\/03\/Alpes-di-Siusi.jpg 378w, https:\/\/acligphoto.fr\/wp-content\/uploads\/2023\/03\/Alpes-di-Siusi-300x190.jpg 300w\" sizes=\"auto, (max-width: 378px) 100vw, 378px\" \/><\/a><figcaption class=\"wp-element-caption\"><a href=\"https:\/\/acligphoto.fr\/wp-content\/uploads\/2023\/03\/La-montagne-6mn20.mp4\" target=\"_blank\" rel=\"noreferrer noopener\">Alpes du sud<\/a><\/figcaption><\/figure>\n<\/div>\n\n<div class=\"wp-block-image\">\n<figure class=\"alignright size-large\"><a href=\"https:\/\/acligphoto.fr\/wp-content\/uploads\/2023\/02\/Entomo-Show-41_5mn49-.mp4\" target=\"_blank\" rel=\"noreferrer noopener\"><img decoding=\"async\" src=\"https:\/\/acligphoto.fr\/wp-content\/uploads\/2023\/02\/Entomo41.jpg\" alt=\"\"\/><\/a><figcaption class=\"wp-element-caption\"><a href=\"https:\/\/acligphoto.fr\/wp-content\/uploads\/2023\/02\/Entomo-Show-41_5mn49-.mp4\" target=\"_blank\" rel=\"noreferrer noopener\">Entomoshow N\u00b041 (Albert Perrin)<\/a><\/figcaption><\/figure>\n<\/div>\n\n<div class=\"wp-block-image\">\n<figure class=\"alignleft size-full\"><a href=\"https:\/\/acligphoto.fr\/wp-content\/uploads\/2022\/12\/Pixels-automnaux_5mn25.mp4\" target=\"_blank\" rel=\"noreferrer noopener\"><img loading=\"lazy\" decoding=\"async\" width=\"378\" height=\"240\" src=\"https:\/\/acligphoto.fr\/wp-content\/uploads\/2022\/12\/pixels-automnaux.jpg\" alt=\"\" class=\"wp-image-9069\" srcset=\"https:\/\/acligphoto.fr\/wp-content\/uploads\/2022\/12\/pixels-automnaux.jpg 378w, https:\/\/acligphoto.fr\/wp-content\/uploads\/2022\/12\/pixels-automnaux-300x190.jpg 300w\" sizes=\"auto, (max-width: 378px) 100vw, 378px\" \/><\/a><figcaption class=\"wp-element-caption\"><a href=\"https:\/\/acligphoto.fr\/wp-content\/uploads\/2022\/12\/Pixels-automnaux_5mn25.mp4\" target=\"_blank\" rel=\"noreferrer noopener\">Pixels automnaux (Albert Perrin)<\/a><\/figcaption><\/figure>\n<\/div>\n\n<div class=\"wp-block-image\">\n<figure class=\"alignright size-full\"><a href=\"https:\/\/acligphoto.fr\/wp-content\/uploads\/2022\/12\/Entomofaune_3mn53.mp4\" target=\"_blank\" rel=\"noreferrer noopener\"><img loading=\"lazy\" decoding=\"async\" width=\"378\" height=\"240\" src=\"https:\/\/acligphoto.fr\/wp-content\/uploads\/2022\/12\/entomofaune.jpg\" alt=\"\" class=\"wp-image-9065\" srcset=\"https:\/\/acligphoto.fr\/wp-content\/uploads\/2022\/12\/entomofaune.jpg 378w, https:\/\/acligphoto.fr\/wp-content\/uploads\/2022\/12\/entomofaune-300x190.jpg 300w\" sizes=\"auto, (max-width: 378px) 100vw, 378px\" \/><\/a><figcaption class=\"wp-element-caption\"><a href=\"https:\/\/acligphoto.fr\/wp-content\/uploads\/2022\/12\/Entomofaune_3mn53.mp4\" target=\"_blank\" rel=\"noreferrer noopener\">Entomofaune<\/a> (class\u00e9 4\u00e8me Concours r\u00e9gional URPA)<\/figcaption><\/figure>\n<\/div>\n\n<div class=\"wp-block-image\">\n<figure class=\"alignleft size-full\"><a href=\"https:\/\/acligphoto.fr\/wp-content\/uploads\/2022\/11\/Mycetes_WP-4mn55.mp4\" target=\"_blank\" rel=\"noreferrer noopener\"><img loading=\"lazy\" decoding=\"async\" width=\"377\" height=\"240\" src=\"https:\/\/acligphoto.fr\/wp-content\/uploads\/2022\/11\/Mycetes.jpg\" alt=\"\" class=\"wp-image-8890\" srcset=\"https:\/\/acligphoto.fr\/wp-content\/uploads\/2022\/11\/Mycetes.jpg 377w, https:\/\/acligphoto.fr\/wp-content\/uploads\/2022\/11\/Mycetes-300x191.jpg 300w\" sizes=\"auto, (max-width: 377px) 100vw, 377px\" \/><\/a><figcaption class=\"wp-element-caption\"><a href=\"https:\/\/acligphoto.fr\/wp-content\/uploads\/2022\/11\/Mycetes_WP-4mn55.mp4\" target=\"_blank\" rel=\"noreferrer noopener\">Myc\u00e8tes<\/a> (Albert Perrin)<\/figcaption><\/figure>\n<\/div>\n\n<div class=\"wp-block-image\">\n<figure class=\"alignright size-full\"><a href=\"https:\/\/acligphoto.fr\/wp-content\/uploads\/2022\/11\/Couleurs-doctobre-4mn.mp4\" target=\"_blank\" rel=\"noreferrer noopener\"><img loading=\"lazy\" decoding=\"async\" width=\"386\" height=\"240\" src=\"https:\/\/acligphoto.fr\/wp-content\/uploads\/2022\/11\/Couleurs-doctobre.jpg\" alt=\"\" class=\"wp-image-8888\" srcset=\"https:\/\/acligphoto.fr\/wp-content\/uploads\/2022\/11\/Couleurs-doctobre.jpg 386w, https:\/\/acligphoto.fr\/wp-content\/uploads\/2022\/11\/Couleurs-doctobre-300x187.jpg 300w\" sizes=\"auto, (max-width: 386px) 100vw, 386px\" \/><\/a><figcaption class=\"wp-element-caption\"><a href=\"https:\/\/acligphoto.fr\/wp-content\/uploads\/2022\/11\/Couleurs-doctobre-4mn.mp4\" target=\"_blank\" rel=\"noreferrer noopener\">Couleurs d&rsquo;octobre<\/a> (Albert Perrin)<\/figcaption><\/figure>\n<\/div>\n\n<div class=\"wp-block-image\">\n<figure class=\"alignleft size-full\"><a href=\"https:\/\/acligphoto.fr\/wp-content\/uploads\/2022\/11\/genette09.mp4\" target=\"_blank\" rel=\"noreferrer noopener\"><img loading=\"lazy\" decoding=\"async\" width=\"386\" height=\"245\" src=\"https:\/\/acligphoto.fr\/wp-content\/uploads\/2022\/11\/Genette.jpg\" alt=\"\" class=\"wp-image-8813\" srcset=\"https:\/\/acligphoto.fr\/wp-content\/uploads\/2022\/11\/Genette.jpg 386w, https:\/\/acligphoto.fr\/wp-content\/uploads\/2022\/11\/Genette-300x190.jpg 300w\" sizes=\"auto, (max-width: 386px) 100vw, 386px\" \/><\/a><figcaption class=\"wp-element-caption\"><a href=\"https:\/\/acligphoto.fr\/wp-content\/uploads\/2022\/11\/genette09.mp4\">Photo animali\u00e8re avec pi\u00e8ge photo<\/a><\/figcaption><\/figure>\n<\/div>\n\n<div class=\"wp-block-image\">\n<figure class=\"alignright size-full\"><a href=\"https:\/\/acligphoto.fr\/wp-content\/uploads\/2022\/10\/Entomo-Show-_Spe\u0301cial-2-_6mn.mp4\" target=\"_blank\" rel=\"noreferrer noopener\"><img loading=\"lazy\" decoding=\"async\" width=\"378\" height=\"240\" src=\"https:\/\/acligphoto.fr\/wp-content\/uploads\/2022\/10\/entomoshow-special-II.jpg\" alt=\"\" class=\"wp-image-8625\" srcset=\"https:\/\/acligphoto.fr\/wp-content\/uploads\/2022\/10\/entomoshow-special-II.jpg 378w, https:\/\/acligphoto.fr\/wp-content\/uploads\/2022\/10\/entomoshow-special-II-300x190.jpg 300w\" sizes=\"auto, (max-width: 378px) 100vw, 378px\" \/><\/a><figcaption class=\"wp-element-caption\"><a href=\"https:\/\/acligphoto.fr\/wp-content\/uploads\/2022\/10\/Entomo-Show-_Spe\u0301cial-2-_6mn.mp4\" target=\"_blank\" rel=\"noreferrer noopener\">Entomoshow sp\u00e9cial II<\/a><\/figcaption><\/figure>\n<\/div>\n\n<div class=\"wp-block-image\">\n<figure class=\"alignleft size-full\"><a href=\"https:\/\/acligphoto.fr\/wp-content\/uploads\/2022\/09\/Entomo-Show-_Spe\u0301cial_5mn49.mp4\" target=\"_blank\" rel=\"noreferrer noopener\"><img loading=\"lazy\" decoding=\"async\" width=\"427\" height=\"240\" src=\"https:\/\/acligphoto.fr\/wp-content\/uploads\/2022\/09\/Entomo-special.jpg\" alt=\"\" class=\"wp-image-8257\" srcset=\"https:\/\/acligphoto.fr\/wp-content\/uploads\/2022\/09\/Entomo-special.jpg 427w, https:\/\/acligphoto.fr\/wp-content\/uploads\/2022\/09\/Entomo-special-300x169.jpg 300w\" sizes=\"auto, (max-width: 427px) 100vw, 427px\" \/><\/a><figcaption class=\"wp-element-caption\"><a href=\"https:\/\/acligphoto.fr\/wp-content\/uploads\/2022\/09\/Entomo-Show-_Spe\u0301cial_5mn49.mp4\" target=\"_blank\" rel=\"noreferrer noopener\">Entomoshow sp\u00e9cial flou<\/a> <\/figcaption><\/figure>\n<\/div>\n\n<div class=\"wp-block-image\">\n<figure class=\"alignright size-full\"><a href=\"https:\/\/acligphoto.fr\/wp-content\/uploads\/2022\/09\/Xylo-Floutage-3mn44.mp4\" target=\"_blank\" rel=\"noreferrer noopener\"><img loading=\"lazy\" decoding=\"async\" width=\"426\" height=\"240\" src=\"https:\/\/acligphoto.fr\/wp-content\/uploads\/2022\/09\/xylofloutage.jpg\" alt=\"\" class=\"wp-image-8256\" srcset=\"https:\/\/acligphoto.fr\/wp-content\/uploads\/2022\/09\/xylofloutage.jpg 426w, https:\/\/acligphoto.fr\/wp-content\/uploads\/2022\/09\/xylofloutage-300x169.jpg 300w\" sizes=\"auto, (max-width: 426px) 100vw, 426px\" \/><\/a><figcaption class=\"wp-element-caption\"><a href=\"https:\/\/acligphoto.fr\/wp-content\/uploads\/2022\/09\/Xylo-Floutage-3mn44.mp4\" target=\"_blank\" rel=\"noreferrer noopener\">Xylofloutage (<em>Albert Perrin<\/em>)<\/a><\/figcaption><\/figure>\n<\/div>\n\n<div class=\"wp-block-image\">\n<figure class=\"alignleft size-full\"><a href=\"https:\/\/acligphoto.fr\/wp-content\/uploads\/2022\/09\/Sarah-Moon-IV.mp4\"><img loading=\"lazy\" decoding=\"async\" width=\"426\" height=\"240\" src=\"https:\/\/acligphoto.fr\/wp-content\/uploads\/2022\/09\/SarahMoonVideoAclig.jpg\" alt=\"\" class=\"wp-image-8235\" srcset=\"https:\/\/acligphoto.fr\/wp-content\/uploads\/2022\/09\/SarahMoonVideoAclig.jpg 426w, https:\/\/acligphoto.fr\/wp-content\/uploads\/2022\/09\/SarahMoonVideoAclig-300x169.jpg 300w\" sizes=\"auto, (max-width: 426px) 100vw, 426px\" \/><\/a><figcaption class=\"wp-element-caption\"><a href=\"https:\/\/acligphoto.fr\/wp-content\/uploads\/2022\/09\/Sarah-Moon-IV.mp4\">Sarah Moon, Le paon et autres photos de&#8230;<\/a><em>(par Fran\u00e7ois Spring)<\/em><\/figcaption><\/figure>\n<\/div>\n\n<div class=\"wp-block-image\">\n<figure class=\"alignright size-large\"><a href=\"https:\/\/acligphoto.fr\/wp-content\/uploads\/2020\/12\/Ecomuse\u0301e-Club-ACLIG-2020.mp4\" target=\"_blank\" rel=\"noopener noreferrer\"><img loading=\"lazy\" decoding=\"async\" width=\"378\" height=\"240\" src=\"https:\/\/acligphoto.fr\/wp-content\/uploads\/2020\/12\/Ecomuse\u0301evignette.jpg\" alt=\"\" class=\"wp-image-3689\" srcset=\"https:\/\/acligphoto.fr\/wp-content\/uploads\/2020\/12\/Ecomuse\u0301evignette.jpg 378w, https:\/\/acligphoto.fr\/wp-content\/uploads\/2020\/12\/Ecomuse\u0301evignette-300x190.jpg 300w\" sizes=\"auto, (max-width: 378px) 100vw, 378px\" \/><\/a><figcaption class=\"wp-element-caption\"><a href=\"https:\/\/acligphoto.fr\/wp-content\/uploads\/2020\/12\/Ecomuse\u0301e-Club-ACLIG-2020.mp4\" target=\"_blank\" rel=\"noreferrer noopener\">Visite \u00e0 l&rsquo;\u00e9comus\u00e9e (par <strong>Robert Klauth<\/strong>)<\/a><\/figcaption><\/figure>\n<\/div>\n\n<div class=\"wp-block-image\">\n<figure class=\"alignleft size-large\"><a href=\"https:\/\/acligphoto.fr\/wp-content\/uploads\/2020\/11\/Portes-etfene\u0302tres-Corse-2.mp4\" target=\"_blank\" rel=\"noopener noreferrer\"><img loading=\"lazy\" decoding=\"async\" width=\"379\" height=\"240\" src=\"https:\/\/acligphoto.fr\/wp-content\/uploads\/2020\/11\/Portesetfene\u0302tresvignette.jpg\" alt=\"\" class=\"wp-image-3566\" srcset=\"https:\/\/acligphoto.fr\/wp-content\/uploads\/2020\/11\/Portesetfene\u0302tresvignette.jpg 379w, https:\/\/acligphoto.fr\/wp-content\/uploads\/2020\/11\/Portesetfene\u0302tresvignette-300x190.jpg 300w\" sizes=\"auto, (max-width: 379px) 100vw, 379px\" \/><\/a><figcaption class=\"wp-element-caption\"><a rel=\"noreferrer noopener\" href=\"https:\/\/acligphoto.fr\/wp-content\/uploads\/2020\/11\/Portes-etfene\u0302tres-Corse-2.mp4\" target=\"_blank\"><strong>Portes et fen\u00eatres de Corse<\/strong> (par <strong>Michel Bintz<\/strong>)<\/a><\/figcaption><\/figure>\n<\/div>\n\n<div class=\"wp-block-image\">\n<figure class=\"alignright size-large\"><a href=\"https:\/\/acligphoto.fr\/wp-content\/uploads\/2020\/11\/DE-LEAU-DANS-LE-VERT.mp4\" target=\"_blank\" rel=\"noopener noreferrer\"><img loading=\"lazy\" decoding=\"async\" width=\"378\" height=\"240\" src=\"https:\/\/acligphoto.fr\/wp-content\/uploads\/2020\/11\/vignette-GW.jpg\" alt=\"\" class=\"wp-image-3516\" srcset=\"https:\/\/acligphoto.fr\/wp-content\/uploads\/2020\/11\/vignette-GW.jpg 378w, https:\/\/acligphoto.fr\/wp-content\/uploads\/2020\/11\/vignette-GW-300x190.jpg 300w\" sizes=\"auto, (max-width: 378px) 100vw, 378px\" \/><\/a><figcaption class=\"wp-element-caption\"><a rel=\"noreferrer noopener\" href=\"https:\/\/acligphoto.fr\/wp-content\/uploads\/2020\/11\/DE-LEAU-DANS-LE-VERT.mp4\" target=\"_blank\"><strong>De l&rsquo;eau dans le vert <\/strong>(par Gilbert <strong>Woerth<\/strong>)<\/a><\/figcaption><\/figure>\n<\/div>\n\n<div class=\"wp-block-image\">\n<figure class=\"alignleft size-large\"><a href=\"https:\/\/acligphoto.fr\/wp-content\/uploads\/2020\/11\/Entomo-Show-33-071120_5mn10.mp4\" target=\"_blank\" rel=\"noopener noreferrer\"><img loading=\"lazy\" decoding=\"async\" width=\"378\" height=\"240\" src=\"https:\/\/acligphoto.fr\/wp-content\/uploads\/2020\/11\/Entomoshow33.jpg\" alt=\"\" class=\"wp-image-3493\" srcset=\"https:\/\/acligphoto.fr\/wp-content\/uploads\/2020\/11\/Entomoshow33.jpg 378w, https:\/\/acligphoto.fr\/wp-content\/uploads\/2020\/11\/Entomoshow33-300x190.jpg 300w\" sizes=\"auto, (max-width: 378px) 100vw, 378px\" \/><\/a><figcaption class=\"wp-element-caption\"><a href=\"https:\/\/acligphoto.fr\/wp-content\/uploads\/2020\/11\/Entomo-Show-33-071120_5mn10.mp4\" target=\"_blank\" rel=\"noreferrer noopener\">Entomoshow n\u00b033 (par Albert Perrin)<\/a><\/figcaption><\/figure>\n<\/div>\n\n<div class=\"wp-block-image\">\n<figure class=\"alignright size-large\"><a href=\"https:\/\/acligphoto.fr\/wp-content\/uploads\/2020\/11\/Saison-colore\u0301e-011120_4mn511.mp4\" target=\"_blank\" rel=\"noopener noreferrer\"><img loading=\"lazy\" decoding=\"async\" width=\"378\" height=\"240\" src=\"https:\/\/acligphoto.fr\/wp-content\/uploads\/2020\/11\/Saison-colore\u0301e.jpg\" alt=\"\" class=\"wp-image-3426\" srcset=\"https:\/\/acligphoto.fr\/wp-content\/uploads\/2020\/11\/Saison-colore\u0301e.jpg 378w, https:\/\/acligphoto.fr\/wp-content\/uploads\/2020\/11\/Saison-colore\u0301e-300x190.jpg 300w\" sizes=\"auto, (max-width: 378px) 100vw, 378px\" \/><\/a><figcaption class=\"wp-element-caption\"><a rel=\"noreferrer noopener\" href=\"https:\/\/acligphoto.fr\/wp-content\/uploads\/2020\/11\/Saison-colore\u0301e-011120_4mn511.mp4\" target=\"_blank\">Saison color\u00e9e<\/a> (par Albert Perrin)<\/figcaption><\/figure>\n<\/div>\n\n<div class=\"wp-block-image\">\n<figure class=\"alignleft size-large\"><a href=\"https:\/\/acligphoto.fr\/wp-content\/uploads\/2020\/10\/Qui-sy-frotte...-290920_3mn41_S.mp4\" target=\"_blank\" rel=\"noopener noreferrer\"><img loading=\"lazy\" decoding=\"async\" width=\"378\" height=\"240\" src=\"https:\/\/acligphoto.fr\/wp-content\/uploads\/2020\/10\/APvignette20201005.jpg\" alt=\"\" class=\"wp-image-2614\" srcset=\"https:\/\/acligphoto.fr\/wp-content\/uploads\/2020\/10\/APvignette20201005.jpg 378w, https:\/\/acligphoto.fr\/wp-content\/uploads\/2020\/10\/APvignette20201005-300x190.jpg 300w\" sizes=\"auto, (max-width: 378px) 100vw, 378px\" \/><\/a><figcaption class=\"wp-element-caption\"><a href=\"https:\/\/acligphoto.fr\/wp-content\/uploads\/2020\/10\/Qui-sy-frotte...-290920_3mn41_S.mp4\" target=\"_blank\" rel=\"noreferrer noopener\">Qui s&rsquo;y frotte s&rsquo;y pique (Albert Perrin)<\/a><\/figcaption><\/figure>\n<\/div>\n\n<div class=\"wp-block-image\">\n<figure class=\"alignright size-large\"><a href=\"https:\/\/acligphoto.fr\/wp-content\/uploads\/2020\/09\/Cartes-postales-2020.mp4\" target=\"_blank\" rel=\"noopener noreferrer\"><img loading=\"lazy\" decoding=\"async\" width=\"378\" height=\"241\" src=\"https:\/\/acligphoto.fr\/wp-content\/uploads\/2020\/09\/vignetteGG-au-mont.jpg\" alt=\"\" class=\"wp-image-2457\" srcset=\"https:\/\/acligphoto.fr\/wp-content\/uploads\/2020\/09\/vignetteGG-au-mont.jpg 378w, https:\/\/acligphoto.fr\/wp-content\/uploads\/2020\/09\/vignetteGG-au-mont-300x191.jpg 300w\" sizes=\"auto, (max-width: 378px) 100vw, 378px\" \/><\/a><figcaption class=\"wp-element-caption\"><a href=\"https:\/\/acligphoto.fr\/wp-content\/uploads\/2020\/09\/Cartes-postales-2020.mp4\" target=\"_blank\" rel=\"noreferrer noopener\">Nos Cartes postales (\u00e9t\u00e9 2020)<\/a><\/figcaption><\/figure>\n<\/div>\n\n<div class=\"wp-block-image\">\n<figure class=\"alignleft size-large\"><a href=\"https:\/\/acligphoto.fr\/wp-content\/uploads\/2020\/03\/Ambiance-Printanie\u0300re.mp4\" target=\"_blank\" rel=\"noreferrer noopener\"><img loading=\"lazy\" decoding=\"async\" width=\"378\" height=\"240\" src=\"https:\/\/acligphoto.fr\/wp-content\/uploads\/2020\/03\/ambianceprintimagette.jpg\" alt=\"\" class=\"wp-image-1521\" srcset=\"https:\/\/acligphoto.fr\/wp-content\/uploads\/2020\/03\/ambianceprintimagette.jpg 378w, https:\/\/acligphoto.fr\/wp-content\/uploads\/2020\/03\/ambianceprintimagette-300x190.jpg 300w\" sizes=\"auto, (max-width: 378px) 100vw, 378px\" \/><\/a><figcaption class=\"wp-element-caption\"><a rel=\"noreferrer noopener\" aria-label=\"Ambiance printani\u00e8re (s\u2019ouvre dans un nouvel onglet)\" href=\"https:\/\/acligphoto.fr\/wp-content\/uploads\/2020\/03\/Ambiance-Printanie\u0300re.mp4\" target=\"_blank\">Ambiance printani\u00e8re<\/a> (Albert PERRIN)<\/figcaption><\/figure>\n<\/div>\n\n<div class=\"wp-block-image\">\n<figure class=\"alignright size-large\"><a href=\"https:\/\/acligphoto.fr\/wp-content\/uploads\/2020\/03\/Entomo-Show-26-1.mp4\" target=\"_blank\" rel=\"noreferrer noopener\"><img loading=\"lazy\" decoding=\"async\" width=\"397\" height=\"240\" src=\"https:\/\/acligphoto.fr\/wp-content\/uploads\/2020\/03\/vignette.jpg\" alt=\"\" class=\"wp-image-1453\" srcset=\"https:\/\/acligphoto.fr\/wp-content\/uploads\/2020\/03\/vignette.jpg 397w, https:\/\/acligphoto.fr\/wp-content\/uploads\/2020\/03\/vignette-300x181.jpg 300w\" sizes=\"auto, (max-width: 397px) 100vw, 397px\" \/><\/a><figcaption class=\"wp-element-caption\"><a href=\"https:\/\/acligphoto.fr\/wp-content\/uploads\/2020\/03\/Entomo-Show-26-1.mp4(ouvre un nouvel onglet)\">Entomo show N\u00b0 26<\/a> (Albert PERRIN)<\/figcaption><\/figure>\n<\/div>\n\n<div class=\"wp-block-image\">\n<figure class=\"alignleft size-large\"><a href=\"https:\/\/acligphoto.fr\/wp-content\/uploads\/2020\/03\/Diaporama-Coop-vide\u0301o1.mp4\" target=\"_blank\" rel=\"noreferrer noopener\"><img loading=\"lazy\" decoding=\"async\" width=\"379\" height=\"240\" src=\"https:\/\/acligphoto.fr\/wp-content\/uploads\/2020\/02\/Portrait-COOP-1.jpg\" alt=\"\" class=\"wp-image-1320\" srcset=\"https:\/\/acligphoto.fr\/wp-content\/uploads\/2020\/02\/Portrait-COOP-1.jpg 379w, https:\/\/acligphoto.fr\/wp-content\/uploads\/2020\/02\/Portrait-COOP-1-300x190.jpg 300w\" sizes=\"auto, (max-width: 379px) 100vw, 379px\" \/><\/a><figcaption class=\"wp-element-caption\"><a href=\"https:\/\/acligphoto.fr\/wp-content\/uploads\/2020\/03\/Diaporama-Coop-vide\u0301o1.mp4\" target=\"_blank\" rel=\"noreferrer noopener\" aria-label=\"Portrait d'une COOP disparue (s\u2019ouvre dans un nouvel onglet)\">Portrait d&rsquo;une COOP disparue<\/a> (Michel BINTZ)<\/figcaption><\/figure>\n<\/div>\n\n<div class=\"wp-block-image is-style-default\">\n<figure class=\"alignright size-large\"><a href=\"https:\/\/acligphoto.fr\/wp-content\/uploads\/2020\/03\/Chrysanthema-2019-LAHR_3mn33-.mp4\" target=\"_blank\" rel=\"noreferrer noopener\"><img loading=\"lazy\" decoding=\"async\" width=\"379\" height=\"242\" src=\"https:\/\/acligphoto.fr\/wp-content\/uploads\/2020\/01\/vignette-diapo01.jpg\" alt=\"\" class=\"wp-image-1082\" srcset=\"https:\/\/acligphoto.fr\/wp-content\/uploads\/2020\/01\/vignette-diapo01.jpg 379w, https:\/\/acligphoto.fr\/wp-content\/uploads\/2020\/01\/vignette-diapo01-300x192.jpg 300w\" sizes=\"auto, (max-width: 379px) 100vw, 379px\" \/><\/a><figcaption class=\"wp-element-caption\"><a href=\"https:\/\/acligphoto.fr\/wp-content\/uploads\/2020\/03\/Chrysanthema-2019-LAHR_3mn33-.mp4\" target=\"_blank\" rel=\"noreferrer noopener\" aria-label=\"Chrysanthema \u00e0 Lahr (D) 2019 (s\u2019ouvre dans un nouvel onglet)\">Chrysanthema \u00e0 Lahr (D) 2019<\/a> (Albert PERRIN)<\/figcaption><\/figure>\n<\/div>\n\n","protected":false},"excerpt":{"rendered":"<p>Des liens pointant sur des diaporamas r\u00e9alis\u00e9s par des membres de l&rsquo;atelier Photo de l&rsquo;ACLIG : Cliquer sur l&rsquo;image (ou sur le sous-titre) pour lancer la vid\u00e9o. Une fois la vid\u00e9o lanc\u00e9e vous pourrez aussi la t\u00e9l\u00e9charger en faisant un clic droit sur la vid\u00e9o elle-m\u00eame. Attention c&rsquo;est du lourd, plus de 100Mo !<\/p>\n","protected":false},"author":1,"featured_media":0,"parent":0,"menu_order":0,"comment_status":"closed","ping_status":"closed","template":"","meta":{"_bbp_topic_count":0,"_bbp_reply_count":0,"_bbp_total_topic_count":0,"_bbp_total_reply_count":0,"_bbp_voice_count":0,"_bbp_anonymous_reply_count":0,"_bbp_topic_count_hidden":0,"_bbp_reply_count_hidden":0,"_bbp_forum_subforum_count":0,"footnotes":""},"class_list":["post-1074","page","type-page","status-publish","hentry"],"_links":{"self":[{"href":"https:\/\/acligphoto.fr\/index.php?rest_route=\/wp\/v2\/pages\/1074","targetHints":{"allow":["GET"]}}],"collection":[{"href":"https:\/\/acligphoto.fr\/index.php?rest_route=\/wp\/v2\/pages"}],"about":[{"href":"https:\/\/acligphoto.fr\/index.php?rest_route=\/wp\/v2\/types\/page"}],"author":[{"embeddable":true,"href":"https:\/\/acligphoto.fr\/index.php?rest_route=\/wp\/v2\/users\/1"}],"replies":[{"embeddable":true,"href":"https:\/\/acligphoto.fr\/index.php?rest_route=%2Fwp%2Fv2%2Fcomments&post=1074"}],"version-history":[{"count":79,"href":"https:\/\/acligphoto.fr\/index.php?rest_route=\/wp\/v2\/pages\/1074\/revisions"}],"predecessor-version":[{"id":16273,"href":"https:\/\/acligphoto.fr\/index.php?rest_route=\/wp\/v2\/pages\/1074\/revisions\/16273"}],"wp:attachment":[{"href":"https:\/\/acligphoto.fr\/index.php?rest_route=%2Fwp%2Fv2%2Fmedia&parent=1074"}],"curies":[{"name":"wp","href":"https:\/\/api.w.org\/{rel}","templated":true}]}}